{"id":1832,"date":"2025-09-11T01:30:07","date_gmt":"2025-09-11T01:30:07","guid":{"rendered":"https:\/\/www.albascent.com\/?post_type=product&#038;p=1832"},"modified":"2025-10-31T09:20:20","modified_gmt":"2025-10-31T09:20:20","slug":"as019-small-black-jar-eco-friendly-soy-wax-scented-candle","status":"publish","type":"product","link":"https:\/\/www.albascent.com\/fr\/produit\/as019-small-black-jar-eco-friendly-soy-wax-scented-candle\/","title":{"rendered":"AS019 Petite bougie parfum\u00e9e en cire de soja \u00e9cologique, dans un petit pot noir"},"content":{"rendered":"<h3><strong>Caract\u00e9ristiques techniques du produit<\/strong><\/h3>\n<table>\n<tbody>\n<tr>\n<td width=\"232\">Mod\u00e8le :<\/td>\n<td colspan=\"3\" width=\"738\">AS019<\/td>\n<\/tr>\n<tr>\n<td width=\"232\">Mat\u00e9riau :<\/td>\n<td colspan=\"3\" width=\"738\">Cire de soja de haute qualit\u00e9<\/td>\n<\/tr>\n<tr>\n<td width=\"232\">Parfum :<\/td>\n<td colspan=\"3\" width=\"738\">Sauge et sel de mer<\/p>\n<p>Citron vert, basilic et agrumes<\/p>\n<p>N\u00e9roli<\/p>\n<p>Bluebell<\/p>\n<p>Freesia<\/td>\n<\/tr>\n<tr>\n<td width=\"232\">Contenu de l'emballage :<\/td>\n<td width=\"232\">Bo\u00eete en papier<\/td>\n<td width=\"232\">Mat\u00e9riau de la coupe :<\/td>\n<td width=\"273\">Bocaux en verre<\/td>\n<\/tr>\n<tr>\n<td width=\"232\">Taille de la bougie :<\/td>\n<td width=\"232\">5,2 \u00d7 6,2 cm<\/td>\n<td width=\"232\">Dimensions du carton :<\/td>\n<td width=\"273\">5,4 \u00d7 5,4 \u00d7 6,4 cm<\/td>\n<\/tr>\n<tr>\n<td width=\"232\">Poids de la cire :<\/td>\n<td width=\"232\">100 g<\/td>\n<td width=\"232\">Poids brut :<\/td>\n<td width=\"273\">260 g<\/td>\n<\/tr>\n<tr>\n<td width=\"232\">Dur\u00e9e de combustion :<\/td>\n<td width=\"232\">20 heures<\/td>\n<td width=\"232\">Logo :<\/td>\n<td width=\"273\">Compatible OEM<\/td>\n<\/tr>\n<\/tbody>\n<\/table>\n<p>&nbsp;<\/p>\n<p>&nbsp;<\/p>\n<h3><strong>Augmenter la dur\u00e9e de combustion<\/strong><\/h3>\n<ol>\n<li>Veillez \u00e0 ce que la m\u00e8che mesure toujours entre 5 et 8 mm de long. Couper la m\u00e8che permet \u00e0 la bougie de br\u00fbler uniform\u00e9ment et emp\u00eache la formation de r\u00e9sidus noirs et de suie sur le r\u00e9cipient de la bougie. 2. Assurez-vous que la bougie ne br\u00fble pas dans un endroit expos\u00e9 aux courants d'air, car ceux-ci peuvent entra\u00eener une combustion irr\u00e9guli\u00e8re et r\u00e9duire la dur\u00e9e de vie de la bougie.<\/li>\n<li>Essayez de laisser chaque bougie br\u00fbler pendant au moins 2 heures, mais pas plus de 4 heures. Pour prolonger la dur\u00e9e de combustion, \u00e9teignez la bougie toutes les 4 heures, coupez la m\u00e8che \u00e0 5 mm, puis rallumez-la.<\/li>\n<\/ol>\n<p>&nbsp;<\/p>\n<h3><strong>\u00c0 propos de nous<\/strong><\/h3>\n<ol>\n<li>De nombreuses ann\u00e9es d'exp\u00e9rience dans la transformation et la production, des cha\u00eenes de production standardis\u00e9es<\/li>\n<li>D\u00e9lais de livraison rapides garantis, production en s\u00e9rie rapide et exp\u00e9dition dans les d\u00e9lais<\/li>\n<li>Un stock suffisant, une gamme compl\u00e8te de mod\u00e8les et des mati\u00e8res premi\u00e8res soigneusement s\u00e9lectionn\u00e9es.<\/li>\n<\/ol>","protected":false},"excerpt":{"rendered":"<p>Votre int\u00e9rieur m\u00e9rite une ambiance unique. Cette bougie est votre \u00ab metteur en sc\u00e8ne \u00bb personnel. Pas besoin de changements radicaux : il suffit de l'allumer pour que son puissant pouvoir \u00e9motionnel d\u00e9finisse et transforme instantan\u00e9ment l'espace. Qu'elle soit romantique, apaisante, chaleureuse ou dynamique, elle saura facilement cr\u00e9er l'ambiance que vous souhaitez.<\/p>","protected":false},"featured_media":2223,"comment_status":"open","ping_status":"closed","template":"","meta":{"_acf_changed":false},"product_brand":[],"product_cat":[57,67,47],"product_tag":[77,70],"class_list":["post-1832","product","type-product","status-publish","has-post-thumbnail","product_cat-citrus","product_cat-daily","product_cat-glass-jar-candles","product_tag-glass-jar-candles","product_tag-scented-candle","first","instock","shipping-taxable","product-type-simple"],"acf":[],"yoast_head":"<!-- This site is optimized with the Yoast SEO plugin v28.1 - https:\/\/yoast.com\/product\/yoast-seo-wordpress\/ -->\n<title>AS019 Small black jar eco-friendly soy wax scented candle - albascent.com<\/title>\n<meta name=\"robots\" content=\"index, follow, max-snippet:-1, max-image-preview:large, max-video-preview:-1\" \/>\n<link rel=\"canonical\" href=\"https:\/\/www.albascent.com\/fr\/produit\/as019-small-black-jar-eco-friendly-soy-wax-scented-candle\/\" \/>\n<meta property=\"og:locale\" content=\"fr_FR\" \/>\n<meta property=\"og:type\" content=\"article\" \/>\n<meta property=\"og:title\" content=\"AS019 Small black jar eco-friendly soy wax scented candle - albascent.com\" \/>\n<meta property=\"og:description\" content=\"Your home deserves a unique atmosphere. This candle is your personal ambiance director. No drastic changes are needed; simply light it and its powerful emotional appeal instantly defines and transforms the space. Whether it&#039;s romantic, tranquil, warm, or vibrant, it can easily create your desired atmosphere.\" \/>\n<meta property=\"og:url\" content=\"https:\/\/www.albascent.com\/fr\/produit\/as019-small-black-jar-eco-friendly-soy-wax-scented-candle\/\" \/>\n<meta property=\"og:site_name\" content=\"albascent.com\" \/>\n<meta property=\"article:modified_time\" content=\"2025-10-31T09:20:20+00:00\" \/>\n<meta property=\"og:image\" content=\"https:\/\/www.albascent.com\/wp-content\/uploads\/2025\/09\/\u573a\u666f5-1.jpg\" \/>\n\t<meta property=\"og:image:width\" content=\"1200\" \/>\n\t<meta property=\"og:image:height\" content=\"1200\" \/>\n\t<meta property=\"og:image:type\" content=\"image\/jpeg\" \/>\n<meta name=\"twitter:card\" content=\"summary_large_image\" \/>\n<meta name=\"twitter:label1\" content=\"Dur\u00e9e de lecture estim\u00e9e\" \/>\n\t<meta name=\"twitter:data1\" content=\"1 minute\" \/>\n<script type=\"application\/ld+json\" class=\"yoast-schema-graph\">{\"@context\":\"https:\\\/\\\/schema.org\",\"@graph\":[{\"@type\":\"WebPage\",\"@id\":\"https:\\\/\\\/www.albascent.com\\\/product\\\/as019-small-black-jar-eco-friendly-soy-wax-scented-candle\\\/\",\"url\":\"https:\\\/\\\/www.albascent.com\\\/product\\\/as019-small-black-jar-eco-friendly-soy-wax-scented-candle\\\/\",\"name\":\"AS019 Small black jar eco-friendly soy wax scented candle - albascent.com\",\"isPartOf\":{\"@id\":\"https:\\\/\\\/www.albascent.com\\\/#website\"},\"primaryImageOfPage\":{\"@id\":\"https:\\\/\\\/www.albascent.com\\\/product\\\/as019-small-black-jar-eco-friendly-soy-wax-scented-candle\\\/#primaryimage\"},\"image\":{\"@id\":\"https:\\\/\\\/www.albascent.com\\\/product\\\/as019-small-black-jar-eco-friendly-soy-wax-scented-candle\\\/#primaryimage\"},\"thumbnailUrl\":\"https:\\\/\\\/www.albascent.com\\\/wp-content\\\/uploads\\\/2025\\\/09\\\/\u573a\u666f5-1.jpg\",\"datePublished\":\"2025-09-11T01:30:07+00:00\",\"dateModified\":\"2025-10-31T09:20:20+00:00\",\"breadcrumb\":{\"@id\":\"https:\\\/\\\/www.albascent.com\\\/product\\\/as019-small-black-jar-eco-friendly-soy-wax-scented-candle\\\/#breadcrumb\"},\"inLanguage\":\"fr-FR\",\"potentialAction\":[{\"@type\":\"ReadAction\",\"target\":[\"https:\\\/\\\/www.albascent.com\\\/product\\\/as019-small-black-jar-eco-friendly-soy-wax-scented-candle\\\/\"]}]},{\"@type\":\"ImageObject\",\"inLanguage\":\"fr-FR\",\"@id\":\"https:\\\/\\\/www.albascent.com\\\/product\\\/as019-small-black-jar-eco-friendly-soy-wax-scented-candle\\\/#primaryimage\",\"url\":\"https:\\\/\\\/www.albascent.com\\\/wp-content\\\/uploads\\\/2025\\\/09\\\/\u573a\u666f5-1.jpg\",\"contentUrl\":\"https:\\\/\\\/www.albascent.com\\\/wp-content\\\/uploads\\\/2025\\\/09\\\/\u573a\u666f5-1.jpg\",\"width\":1200,\"height\":1200},{\"@type\":\"BreadcrumbList\",\"@id\":\"https:\\\/\\\/www.albascent.com\\\/product\\\/as019-small-black-jar-eco-friendly-soy-wax-scented-candle\\\/#breadcrumb\",\"itemListElement\":[{\"@type\":\"ListItem\",\"position\":1,\"name\":\"Home\",\"item\":\"https:\\\/\\\/www.albascent.com\\\/\"},{\"@type\":\"ListItem\",\"position\":2,\"name\":\"Products\",\"item\":\"https:\\\/\\\/www.albascent.com\\\/products\\\/\"},{\"@type\":\"ListItem\",\"position\":3,\"name\":\"AS019 Small black jar eco-friendly soy wax scented candle\"}]},{\"@type\":\"WebSite\",\"@id\":\"https:\\\/\\\/www.albascent.com\\\/#website\",\"url\":\"https:\\\/\\\/www.albascent.com\\\/\",\"name\":\"albascent.com\",\"description\":\"\",\"publisher\":{\"@id\":\"https:\\\/\\\/www.albascent.com\\\/#organization\"},\"potentialAction\":[{\"@type\":\"SearchAction\",\"target\":{\"@type\":\"EntryPoint\",\"urlTemplate\":\"https:\\\/\\\/www.albascent.com\\\/?s={search_term_string}\"},\"query-input\":{\"@type\":\"PropertyValueSpecification\",\"valueRequired\":true,\"valueName\":\"search_term_string\"}}],\"inLanguage\":\"fr-FR\"},{\"@type\":\"Organization\",\"@id\":\"https:\\\/\\\/www.albascent.com\\\/#organization\",\"name\":\"albascent.com\",\"url\":\"https:\\\/\\\/www.albascent.com\\\/\",\"logo\":{\"@type\":\"ImageObject\",\"inLanguage\":\"fr-FR\",\"@id\":\"https:\\\/\\\/www.albascent.com\\\/#\\\/schema\\\/logo\\\/image\\\/\",\"url\":\"https:\\\/\\\/www.albascent.com\\\/wp-content\\\/uploads\\\/2025\\\/05\\\/Logo-Albascent.svg\",\"contentUrl\":\"https:\\\/\\\/www.albascent.com\\\/wp-content\\\/uploads\\\/2025\\\/05\\\/Logo-Albascent.svg\",\"width\":500,\"height\":150,\"caption\":\"albascent.com\"},\"image\":{\"@id\":\"https:\\\/\\\/www.albascent.com\\\/#\\\/schema\\\/logo\\\/image\\\/\"}}]}<\/script>\n<!-- \/ Yoast SEO plugin. -->","yoast_head_json":{"title":"AS019 Small black jar eco-friendly soy wax scented candle - albascent.com","robots":{"index":"index","follow":"follow","max-snippet":"max-snippet:-1","max-image-preview":"max-image-preview:large","max-video-preview":"max-video-preview:-1"},"canonical":"https:\/\/www.albascent.com\/fr\/produit\/as019-small-black-jar-eco-friendly-soy-wax-scented-candle\/","og_locale":"fr_FR","og_type":"article","og_title":"AS019 Small black jar eco-friendly soy wax scented candle - albascent.com","og_description":"Your home deserves a unique atmosphere. This candle is your personal ambiance director. No drastic changes are needed; simply light it and its powerful emotional appeal instantly defines and transforms the space. Whether it's romantic, tranquil, warm, or vibrant, it can easily create your desired atmosphere.","og_url":"https:\/\/www.albascent.com\/fr\/produit\/as019-small-black-jar-eco-friendly-soy-wax-scented-candle\/","og_site_name":"albascent.com","article_modified_time":"2025-10-31T09:20:20+00:00","og_image":[{"width":1200,"height":1200,"url":"https:\/\/www.albascent.com\/wp-content\/uploads\/2025\/09\/\u573a\u666f5-1.jpg","type":"image\/jpeg"}],"twitter_card":"summary_large_image","twitter_misc":{"Dur\u00e9e de lecture estim\u00e9e":"1 minute"},"schema":{"@context":"https:\/\/schema.org","@graph":[{"@type":"WebPage","@id":"https:\/\/www.albascent.com\/product\/as019-small-black-jar-eco-friendly-soy-wax-scented-candle\/","url":"https:\/\/www.albascent.com\/product\/as019-small-black-jar-eco-friendly-soy-wax-scented-candle\/","name":"AS019 Small black jar eco-friendly soy wax scented candle - albascent.com","isPartOf":{"@id":"https:\/\/www.albascent.com\/#website"},"primaryImageOfPage":{"@id":"https:\/\/www.albascent.com\/product\/as019-small-black-jar-eco-friendly-soy-wax-scented-candle\/#primaryimage"},"image":{"@id":"https:\/\/www.albascent.com\/product\/as019-small-black-jar-eco-friendly-soy-wax-scented-candle\/#primaryimage"},"thumbnailUrl":"https:\/\/www.albascent.com\/wp-content\/uploads\/2025\/09\/\u573a\u666f5-1.jpg","datePublished":"2025-09-11T01:30:07+00:00","dateModified":"2025-10-31T09:20:20+00:00","breadcrumb":{"@id":"https:\/\/www.albascent.com\/product\/as019-small-black-jar-eco-friendly-soy-wax-scented-candle\/#breadcrumb"},"inLanguage":"fr-FR","potentialAction":[{"@type":"ReadAction","target":["https:\/\/www.albascent.com\/product\/as019-small-black-jar-eco-friendly-soy-wax-scented-candle\/"]}]},{"@type":"ImageObject","inLanguage":"fr-FR","@id":"https:\/\/www.albascent.com\/product\/as019-small-black-jar-eco-friendly-soy-wax-scented-candle\/#primaryimage","url":"https:\/\/www.albascent.com\/wp-content\/uploads\/2025\/09\/\u573a\u666f5-1.jpg","contentUrl":"https:\/\/www.albascent.com\/wp-content\/uploads\/2025\/09\/\u573a\u666f5-1.jpg","width":1200,"height":1200},{"@type":"BreadcrumbList","@id":"https:\/\/www.albascent.com\/product\/as019-small-black-jar-eco-friendly-soy-wax-scented-candle\/#breadcrumb","itemListElement":[{"@type":"ListItem","position":1,"name":"Home","item":"https:\/\/www.albascent.com\/"},{"@type":"ListItem","position":2,"name":"Products","item":"https:\/\/www.albascent.com\/products\/"},{"@type":"ListItem","position":3,"name":"AS019 Small black jar eco-friendly soy wax scented candle"}]},{"@type":"WebSite","@id":"https:\/\/www.albascent.com\/#website","url":"https:\/\/www.albascent.com\/","name":"albascent.com","description":"","publisher":{"@id":"https:\/\/www.albascent.com\/#organization"},"potentialAction":[{"@type":"SearchAction","target":{"@type":"EntryPoint","urlTemplate":"https:\/\/www.albascent.com\/?s={search_term_string}"},"query-input":{"@type":"PropertyValueSpecification","valueRequired":true,"valueName":"search_term_string"}}],"inLanguage":"fr-FR"},{"@type":"Organization","@id":"https:\/\/www.albascent.com\/#organization","name":"albascent.com","url":"https:\/\/www.albascent.com\/","logo":{"@type":"ImageObject","inLanguage":"fr-FR","@id":"https:\/\/www.albascent.com\/#\/schema\/logo\/image\/","url":"https:\/\/www.albascent.com\/wp-content\/uploads\/2025\/05\/Logo-Albascent.svg","contentUrl":"https:\/\/www.albascent.com\/wp-content\/uploads\/2025\/05\/Logo-Albascent.svg","width":500,"height":150,"caption":"albascent.com"},"image":{"@id":"https:\/\/www.albascent.com\/#\/schema\/logo\/image\/"}}]}},"_links":{"self":[{"href":"https:\/\/www.albascent.com\/fr\/wp-json\/wp\/v2\/product\/1832","targetHints":{"allow":["GET"]}}],"collection":[{"href":"https:\/\/www.albascent.com\/fr\/wp-json\/wp\/v2\/product"}],"about":[{"href":"https:\/\/www.albascent.com\/fr\/wp-json\/wp\/v2\/types\/product"}],"replies":[{"embeddable":true,"href":"https:\/\/www.albascent.com\/fr\/wp-json\/wp\/v2\/comments?post=1832"}],"wp:featuredmedia":[{"embeddable":true,"href":"https:\/\/www.albascent.com\/fr\/wp-json\/wp\/v2\/media\/2223"}],"wp:attachment":[{"href":"https:\/\/www.albascent.com\/fr\/wp-json\/wp\/v2\/media?parent=1832"}],"wp:term":[{"taxonomy":"product_brand","embeddable":true,"href":"https:\/\/www.albascent.com\/fr\/wp-json\/wp\/v2\/product_brand?post=1832"},{"taxonomy":"product_cat","embeddable":true,"href":"https:\/\/www.albascent.com\/fr\/wp-json\/wp\/v2\/product_cat?post=1832"},{"taxonomy":"product_tag","embeddable":true,"href":"https:\/\/www.albascent.com\/fr\/wp-json\/wp\/v2\/product_tag?post=1832"}],"curies":[{"name":"wp","href":"https:\/\/api.w.org\/{rel}","templated":true}]}}